{"id":373,"date":"2019-11-03T19:56:48","date_gmt":"2019-11-03T18:56:48","guid":{"rendered":"http:\/\/proba.jobbkor.hu\/?page_id=373"},"modified":"2019-11-03T19:56:48","modified_gmt":"2019-11-03T18:56:48","slug":"vegre-cselekednunk-kell","status":"publish","type":"page","link":"https:\/\/jobbkor.hu\/index.php\/vegre-cselekednunk-kell\/","title":{"rendered":"V\u00e9gre cselekedn\u00fcnk kell!"},"content":{"rendered":"\n<p><strong><em>Felh\u00edv\u00e1s az orsz\u00e1g\npolg\u00e1raihoz, polg\u00e1ri k\u00f6reihez<\/em><\/strong><strong><\/strong><\/p>\n\n\n\n<p><strong>Magyarorsz\u00e1g jelenleg s\u00falyos\nv\u00e1ls\u00e1gkor\u00e1t \u00e9li. Az elk\u00f6vetkez\u0151 \u00e9vsz\u00e1zadokra is kihat\u00e1ssal lehetnek azok a meg\u00e1llapod\u00e1sok,\namelyeket a korm\u00e1ny k\u00f6t \u00e9s tervez az EU-s csatlakoz\u00e1ssal kapcsolatban. Az\nismert felt\u00e9teleken k\u00edv\u00fcl &#8211; a mez\u0151gazdas\u00e1gnak juttatand\u00f3 igen alacsony\n(25-30%-os, majd emelked\u0151) t\u00e1mogat\u00e1s, amely hossz\u00fa t\u00e1von versenyk\u00e9ptelenn\u00e9\nteszi a magyar gazd\u00e1lkod\u00f3kat, ez\u00e9rt id\u0151vel f\u00f6ldjeik elad\u00e1s\u00e1ra k\u00e9nyszer\u00fclhetnek\n&#8211; dr\u00e1maian fontos, \u00e9s a csatlakoz\u00e1st\u00f3l\nelv\u00e1laszthatatlan szempont a tervezett, m\u00e9g magyar \u00e1llami k\u00e9zben l\u00e9v\u0151 \u00f3ri\u00e1sv\u00e1llalatok\nprivatiz\u00e1ci\u00f3ja (Magyar Posta Rt., MVM., Szerencsej\u00e1t\u00e9k Rt., MOL Rt. m\u00e9g megl\u00e9v\u0151\nh\u00e1nyada, Richter Gedeon Rt., F\u00f6ldhitel \u00e9s Jelz\u00e1logbank Rt., Mal\u00e9v, Mahart,\nDunaferr, Hungaropharma Rt., Tokaj Keresked\u0151h\u00e1z Rt., B\u00e1bolna Rt., Vol\u00e1n; &#8211;\nHerendi Porcel\u00e1n??, Paksi Atomer\u0151m\u0171??)<\/strong><\/p>\n\n\n\n<p><strong>A k\u00fclf\u00f6ldi k\u00e9zbe &#8211; \u00e1llami- \u00e9s\nmag\u00e1nkezekbe egyar\u00e1nt &#8211; ker\u00fcl\u0151 strat\u00e9giai fontoss\u00e1g\u00fa c\u00e9gek,\nenergiaszolg\u00e1ltat\u00f3k, tudjuk, minden korl\u00e1t n\u00e9lk\u00fcl emelik \u00e1raikat, ill.\nszolg\u00e1ltat\u00e1saik \u00e1r\u00e1t, \u00edgy a nagym\u00e9rt\u00e9k\u0171 infl\u00e1ci\u00f3 garant\u00e1lt, \u00e9s az ezt k\u00f6vet\u0151\nelszeg\u00e9nyed\u00e9s szint\u00e9n bek\u00f6vetkezik, a profit k\u00fclf\u00f6ldre ker\u00fcl\u00e9s\u00e9r\u0151l nem is besz\u00e9lve.<\/strong><\/p>\n\n\n\n<p><strong>Jelen helyzet\u00fcnkben a magyar\nminim\u00e1lb\u00e9r az uni\u00f3s minim\u00e1lkereset 10-ed r\u00e9sze, \u00e9s ez az ar\u00e1ny mit sem fog\nv\u00e1ltozni 2004-ig (hol van itt felz\u00e1rk\u00f3ztat\u00e1s?), a m\u00e9rhetetlen h\u00e1tr\u00e1nyunk teh\u00e1t\nakkor is adott, ha a tervezett tov\u00e1bbi privatiz\u00e1ci\u00f3k nem t\u00f6rt\u00e9nnek meg. De a\nmostani korm\u00e1ny folytatni akarja azt a privatiz\u00e1ci\u00f3s politik\u00e1t, amit 1998-ban\nk\u00e9nytelen volt abbahagyni. (Bokros Lajos ism\u00e9t a sz\u00ednre l\u00e9pett.)<\/strong><\/p>\n\n\n\n<p><strong>Azt se felejts\u00fck el &#8211; \u00e9s ez a\nharmadik s\u00falyos szempont a csatlakoz\u00e1ssal kapcsolatban -, hogy haz\u00e1nk \u00e9vtizedekre\n(ha nem az id\u0151k v\u00e9gezet\u00e9ig) vaskosan elad\u00f3sodott orsz\u00e1g a mostani korm\u00e1nyp\u00e1rt\njogel\u0151dj\u00e9nek j\u00f3volt\u00e1b\u00f3l!<\/strong><\/p>\n\n\n\n<p><strong>Magyar\u00e1n, ha\negy\u00fctt val\u00f3sul meg a h\u00e1tr\u00e1nyos kezdeti felt\u00e9telekkel t\u00f6rt\u00e9n\u0151 uni\u00f3s\ncsatlakoz\u00e1s \u00e9s az orsz\u00e1g m\u00e9g \u00e1llami k\u00e9zben l\u00e9v\u0151 vagyon\u00e1nak privatiz\u00e1ci\u00f3ja,\nakkor biztosak lehet\u00fcnk abban, hogy \u00e9vsz\u00e1zadokra elv\u00e1gjuk Magyarorsz\u00e1got\nb\u00e1rmif\u00e9le gazdas\u00e1gi \u00e9s szellemi-kultur\u00e1lis fejl\u0151d\u00e9s lehet\u0151s\u00e9g\u00e9t\u0151l, mert semmi sem marad hazai k\u00e9zben &#8211; EZT MEG KELL\nAKAD\u00c1LYOZNUNK! Csak most lehet! A folyamat visszaford\u00edthatatlan, k\u00e9s\u0151bb,\nn\u00e9h\u00e1ny \u00e9v m\u00falva m\u00e1r csak a csel\u00e9d k\u00f6ny\u00f6r\u00f6ghet alamizsn\u00e1\u00e9rt a saj\u00e1t haz\u00e1j\u00e1ban.\nMeztelenek lesz\u00fcnk, csak a lelk\u00fcnk \u00e9s a gondolataink maradhatnak magyarok.<\/strong><\/p>\n\n\n\n<p><strong>K\u00f6z\u00f6sen, az orsz\u00e1g \u00f6sszes polg\u00e1ri\nk\u00f6r\u00e9nek \u00e9s nemzeti civil szervez\u0151d\u00e9seinek \u00f6sszefog\u00e1s\u00e1val meg kell akad\u00e1lyoznunk a nemzeti trag\u00e9dia\nbek\u00f6vetkez\u00e9s\u00e9t. Ma, holnap m\u00e1r k\u00e9s\u0151!<\/strong><\/p>\n\n\n\n<p><strong>Tiltakozzunk sz\u00f3ban, \u00edr\u00e1sban,\ndemonstr\u00e1ci\u00f3kkal, ha kell az orsz\u00e1got megb\u00e9n\u00edt\u00f3 sztr\u00e1jkokkal! \u00c9s, ha a\njelenlegi felt\u00e9telek nem v\u00e1ltoznak radik\u00e1lisan, voksoljunk egy\u00e9rtelm\u0171 <\/strong><strong>NEM<\/strong><strong>-mel az\nUni\u00f3s csatlakoz\u00e1sra!<\/strong><\/p>\n\n\n\n<p><strong>(Id\u00e9zet a Magyar Nemzet 2002.\nnovember 28-i sz\u00e1m\u00e1nak Kr\u00f3nika rovat\u00e1b\u00f3l:<\/strong><\/p>\n\n\n\n<p><strong><em>\u201eAz \u00e1llami k\u00e9zben l\u00e9v\u0151 francia k\u00f6zszolg\u00e1ltat\u00f3\nv\u00e1llalatok privatiz\u00e1ci\u00f3ja ellen tiltakoz\u00f3 dolgoz\u00f3k t\u00f6bb t\u00edzezres felvonul\u00e1sai\nmiatt sok hely\u00fctt megb\u00e9nult az \u00e9let, P\u00e1rizsban k\u00f6zleked\u00e9si k\u00e1osz \u00e1llt be.\nMinket ilyen k\u00e9nyelmetlens\u00e9g nem fenyeget. Korm\u00e1nyunk hasonl\u00f3 c\u00e9gelad\u00e1si\nterveit k\u00f6znyugalom k\u00eds\u00e9ri, a budapesti k\u00e1osz norm\u00e1lisnak mondhat\u00f3 \u00e1llapot.\u201d &#8211; <\/em><\/strong><strong>Val\u00f3ban\nnorm\u00e1lis a mi k\u00e1oszunk?)<\/strong><\/p>\n\n\n\n<p><strong>K\u00e9rj\u00fck \u00e9s v\u00e1rjuk a csatlakoz\u00e1sokat\nfelh\u00edv\u00e1sunkhoz!<\/strong><\/p>\n\n\n\n<p><strong>2002. december 1.<\/strong><\/p>\n","protected":false},"excerpt":{"rendered":"<p>Felh\u00edv\u00e1s az orsz\u00e1g polg\u00e1raihoz, polg\u00e1ri k\u00f6reihez Magyarorsz\u00e1g jelenleg s\u00falyos v\u00e1ls\u00e1gkor\u00e1t \u00e9li. Az elk\u00f6vetkez\u0151 \u00e9vsz\u00e1zadokra is kihat\u00e1ssal lehetnek azok a meg\u00e1llapod\u00e1sok, amelyeket a korm\u00e1ny k\u00f6t \u00e9s tervez az EU-s csatlakoz\u00e1ssal kapcsolatban. Az ismert felt\u00e9teleken k\u00edv\u00fcl &#8211; a mez\u0151gazdas\u00e1gnak juttatand\u00f3 igen alacsony (25-30%-os, majd emelked\u0151) t\u00e1mogat\u00e1s, amely hossz\u00fa t\u00e1von versenyk\u00e9ptelenn\u00e9 teszi a magyar gazd\u00e1lkod\u00f3kat, ez\u00e9rt id\u0151vel f\u00f6ldjeik elad\u00e1s\u00e1ra k\u00e9nyszer\u00fclhetnek &#8211; dr\u00e1maian fontos, \u00e9s a csatlakoz\u00e1st\u00f3l elv\u00e1laszthatatlan szempont a tervezett, m\u00e9g magyar \u00e1llami k\u00e9zben l\u00e9v\u0151 \u00f3ri\u00e1sv\u00e1llalatok privatiz\u00e1ci\u00f3ja (Magyar Posta Rt., MVM., Szerencsej\u00e1t\u00e9k Rt., MOL Rt. m\u00e9g megl\u00e9v\u0151 h\u00e1nyada, Richter Gedeon Rt., F\u00f6ldhitel \u00e9s Jelz\u00e1logbank Rt., Mal\u00e9v, Mahart, Dunaferr, Hungaropharma Rt., Tokaj Keresked\u0151h\u00e1z Rt., [&hellip;]<\/p>\n","protected":false},"author":2,"featured_media":0,"parent":0,"menu_order":0,"comment_status":"closed","ping_status":"closed","template":"","meta":{"footnotes":""},"class_list":["post-373","page","type-page","status-publish","hentry"],"_links":{"self":[{"href":"https:\/\/jobbkor.hu\/index.php\/wp-json\/wp\/v2\/pages\/373","targetHints":{"allow":["GET"]}}],"collection":[{"href":"https:\/\/jobbkor.hu\/index.php\/wp-json\/wp\/v2\/pages"}],"about":[{"href":"https:\/\/jobbkor.hu\/index.php\/wp-json\/wp\/v2\/types\/page"}],"author":[{"embeddable":true,"href":"https:\/\/jobbkor.hu\/index.php\/wp-json\/wp\/v2\/users\/2"}],"replies":[{"embeddable":true,"href":"https:\/\/jobbkor.hu\/index.php\/wp-json\/wp\/v2\/comments?post=373"}],"version-history":[{"count":1,"href":"https:\/\/jobbkor.hu\/index.php\/wp-json\/wp\/v2\/pages\/373\/revisions"}],"predecessor-version":[{"id":374,"href":"https:\/\/jobbkor.hu\/index.php\/wp-json\/wp\/v2\/pages\/373\/revisions\/374"}],"wp:attachment":[{"href":"https:\/\/jobbkor.hu\/index.php\/wp-json\/wp\/v2\/media?parent=373"}],"curies":[{"name":"wp","href":"https:\/\/api.w.org\/{rel}","templated":true}]}}